{"id":7762,"date":"2025-07-25T11:59:44","date_gmt":"2025-07-25T11:59:44","guid":{"rendered":"http:\/\/satorrasceramica.com\/?page_id=7762"},"modified":"2025-07-30T08:41:40","modified_gmt":"2025-07-30T08:41:40","slug":"on-som","status":"publish","type":"page","link":"https:\/\/satorrasceramica.com\/ca\/on-som\/","title":{"rendered":"On som"},"content":{"rendered":"\t\t<div data-elementor-type=\"wp-page\" data-elementor-id=\"7762\" class=\"elementor elementor-7762\">\n\t\t\t\t\t\t<section class=\"elementor-section elementor-top-section elementor-element elementor-element-144d192 elementor-section-boxed elementor-section-height-default elementor-section-height-default\" data-id=\"144d192\" data-element_type=\"section\">\n\t\t\t\t\t\t<div class=\"elementor-container elementor-column-gap-default\">\n\t\t\t\t\t<div class=\"elementor-column elementor-col-50 elementor-top-column elementor-element elementor-element-bc7c885\" data-id=\"bc7c885\" data-element_type=\"column\">\n\t\t\t<div class=\"elementor-widget-wrap elementor-element-populated\">\n\t\t\t\t\t\t<div class=\"elementor-element elementor-element-f0a5680 grve-elementor-align-left elementor-widget elementor-widget-impeka_title\" data-id=\"f0a5680\" data-element_type=\"widget\" data-widget_type=\"impeka_title.default\">\n\t\t\t\t<div class=\"elementor-widget-container\">\n\t\t\t\t\t<h1 class=\"grve-element grve-title grve-subtitle-text\"><span><b>ON SOM <\/b><br><\/span><\/h1>\t\t\t\t<\/div>\n\t\t\t\t<\/div>\n\t\t\t\t<div class=\"elementor-element elementor-element-4f46dbe grve-elementor-align-left elementor-widget elementor-widget-impeka_title\" data-id=\"4f46dbe\" data-element_type=\"widget\" data-widget_type=\"impeka_title.default\">\n\t\t\t\t<div class=\"elementor-widget-container\">\n\t\t\t\t\t<h2 class=\"grve-element grve-title grve-h1\"><span>Cer\u00e0mica amb arrels a Santes Creus<br><\/span><\/h2>\t\t\t\t<\/div>\n\t\t\t\t<\/div>\n\t\t\t\t<div class=\"elementor-element elementor-element-e136442 elementor-widget elementor-widget-text-editor\" data-id=\"e136442\" data-element_type=\"widget\" data-widget_type=\"text-editor.default\">\n\t\t\t\t<div class=\"elementor-widget-container\">\n\t\t\t\t\t\t\t\t\t<p><span style=\"font-weight: 400;\">Ens trobem a <\/span><b>Santes Creus<\/b><span style=\"font-weight: 400;\">, un poble situat a l\u2019<\/span><b>Alt Camp <\/b><span style=\"font-weight: 400;\">(Tarragona), conegut per acollir el <\/span><b>Reial Monestir de Santes Creus<\/b><span style=\"font-weight: 400;\">, fundat el 1158. \u00c9s un dels tres grans monestirs de la Ruta del Cister i antiga necr\u00f2polis reial, on hi reposen els reis Pere el Gran i Jaume II.\u00a0<\/span><\/p><p><span style=\"font-weight: 400;\">El monestir \u00e9s una joia del g\u00f2tic cistercenc i inspira el nostre treball artesanal per la seva arquitectura serena, el simbolisme i la seva connexi\u00f3 amb el territori.\u00a0<\/span><\/p><p><span style=\"font-weight: 400;\">Ens trobar\u00e0s a la <\/span><b>pla\u00e7a Sant Bernat<\/b><span style=\"font-weight: 400;\">, al centre hist\u00f2ric de <\/span><b>Santes Creus<\/b><span style=\"font-weight: 400;\">, a pocs metres de l\u2019entrada principal del <\/span><b>monestir<\/b><span style=\"font-weight: 400;\">. Un entorn privilegiat per descobrir cer\u00e0mica i patrimoni..\u00a0<\/span><\/p>\t\t\t\t\t\t\t\t<\/div>\n\t\t\t\t<\/div>\n\t\t\t\t\t<\/div>\n\t\t<\/div>\n\t\t\t\t<div class=\"elementor-column elementor-col-50 elementor-top-column elementor-element elementor-element-2b65b10\" data-id=\"2b65b10\" data-element_type=\"column\">\n\t\t\t<div class=\"elementor-widget-wrap elementor-element-populated\">\n\t\t\t\t\t\t<div class=\"elementor-element elementor-element-fcb7a07 grve-elementor-align-left elementor-widget elementor-widget-impeka_image_single\" data-id=\"fcb7a07\" data-element_type=\"widget\" data-widget_type=\"impeka_image_single.default\">\n\t\t\t\t<div class=\"elementor-widget-container\">\n\t\t\t\t\t<div class=\"grve-element grve-image\">\r\n\t<div class=\"grve-image-item\">\r\n\t\t\r\n\r\n<div class=\"grve-image-wrapper grve-none\">\r\n\t\t<div class=\"grve-thumbnail-wrapper\"  style=\"width: 768px;\"><div class=\"grve-thumbnail\"  style=\"padding-top: 137.5%;\"><img fetchpriority=\"high\" decoding=\"async\" width=\"768\" height=\"1056\" src=\"https:\/\/satorrasceramica.com\/wp-content\/uploads\/2025\/07\/satorras-qui-som-05-768x1056.png\" class=\"attachment-medium_large size-medium_large\" alt=\"\" data-column-space=\"auto\" data-lazyload=\"\" data-grve-filter=\"yes\" srcset=\"https:\/\/satorrasceramica.com\/wp-content\/uploads\/2025\/07\/satorras-qui-som-05-768x1056.png 768w, https:\/\/satorrasceramica.com\/wp-content\/uploads\/2025\/07\/satorras-qui-som-05-218x300.png 218w, https:\/\/satorrasceramica.com\/wp-content\/uploads\/2025\/07\/satorras-qui-som-05-745x1024.png 745w, https:\/\/satorrasceramica.com\/wp-content\/uploads\/2025\/07\/satorras-qui-som-05-600x825.png 600w, https:\/\/satorrasceramica.com\/wp-content\/uploads\/2025\/07\/satorras-qui-som-05.png 800w\" sizes=\"(max-width: 768px) 100vw, 768px\" \/><\/div><\/div>\t<\/div>\r\n\t<\/div>\r\n<\/div>\r\n\t\t\t\t<\/div>\n\t\t\t\t<\/div>\n\t\t\t\t\t<\/div>\n\t\t<\/div>\n\t\t\t\t\t<\/div>\n\t\t<\/section>\n\t\t\t\t<\/div>\n\t\t","protected":false},"excerpt":{"rendered":"<p>ON SOM Cer\u00e0mica amb arrels a Santes Creus Ens trobem a Santes Creus, un poble situat a l\u2019Alt Camp (Tarragona), conegut per acollir el Reial Monestir de Santes Creus, fundat el 1158. \u00c9s un dels tres grans monestirs de la Ruta del Cister i antiga necr\u00f2polis reial, on hi reposen els reis Pere el Gran [&hellip;]<\/p>\n","protected":false},"author":34,"featured_media":1696,"parent":0,"menu_order":0,"comment_status":"closed","ping_status":"closed","template":"","meta":{"content-type":"","footnotes":""},"class_list":["post-7762","page","type-page","status-publish","has-post-thumbnail","hentry","grve-entry-item"],"yoast_head":"<!-- This site is optimized with the Yoast SEO plugin v25.5 - https:\/\/yoast.com\/wordpress\/plugins\/seo\/ -->\n<title>Satorras | Taller de cer\u00e0mica a Santes Creus (Tarragona)<\/title>\n<meta name=\"description\" content=\"Visita el nostre taller artesanal al cor de Santes Creus, a tocar del monestir. Cer\u00e0mica catalana amb hist\u00f2ria i identitat pr\u00f2pia.\" \/>\n<meta name=\"robots\" content=\"index, follow, max-snippet:-1, max-image-preview:large, max-video-preview:-1\" \/>\n<link rel=\"canonical\" href=\"https:\/\/satorrasceramica.com\/ca\/on-som\/\" \/>\n<meta property=\"og:locale\" content=\"ca_ES\" \/>\n<meta property=\"og:type\" content=\"article\" \/>\n<meta property=\"og:title\" content=\"Satorras | Taller de cer\u00e0mica a Santes Creus (Tarragona)\" \/>\n<meta property=\"og:description\" content=\"Visita el nostre taller artesanal al cor de Santes Creus, a tocar del monestir. Cer\u00e0mica catalana amb hist\u00f2ria i identitat pr\u00f2pia.\" \/>\n<meta property=\"og:url\" content=\"https:\/\/satorrasceramica.com\/ca\/on-som\/\" \/>\n<meta property=\"og:site_name\" content=\"Satorras Ceramica\" \/>\n<meta property=\"article:modified_time\" content=\"2025-07-30T08:41:40+00:00\" \/>\n<meta property=\"og:image\" content=\"https:\/\/satorrasceramica.com\/wp-content\/uploads\/2021\/04\/impeka-shop-about-01-1.jpg\" \/>\n\t<meta property=\"og:image:width\" content=\"2400\" \/>\n\t<meta property=\"og:image:height\" content=\"1200\" \/>\n\t<meta property=\"og:image:type\" content=\"image\/jpeg\" \/>\n<meta name=\"twitter:card\" content=\"summary_large_image\" \/>\n<meta name=\"twitter:label1\" content=\"Est. reading time\" \/>\n\t<meta name=\"twitter:data1\" content=\"1 minut\" \/>\n<script type=\"application\/ld+json\" class=\"yoast-schema-graph\">{\"@context\":\"https:\/\/schema.org\",\"@graph\":[{\"@type\":\"WebPage\",\"@id\":\"https:\/\/satorrasceramica.com\/ca\/on-som\/\",\"url\":\"https:\/\/satorrasceramica.com\/ca\/on-som\/\",\"name\":\"Satorras | Taller de cer\u00e0mica a Santes Creus (Tarragona)\",\"isPartOf\":{\"@id\":\"https:\/\/satorrasceramica.com\/ca\/#website\"},\"primaryImageOfPage\":{\"@id\":\"https:\/\/satorrasceramica.com\/ca\/on-som\/#primaryimage\"},\"image\":{\"@id\":\"https:\/\/satorrasceramica.com\/ca\/on-som\/#primaryimage\"},\"thumbnailUrl\":\"https:\/\/satorrasceramica.com\/wp-content\/uploads\/2021\/04\/impeka-shop-about-01-1.jpg\",\"datePublished\":\"2025-07-25T11:59:44+00:00\",\"dateModified\":\"2025-07-30T08:41:40+00:00\",\"description\":\"Visita el nostre taller artesanal al cor de Santes Creus, a tocar del monestir. Cer\u00e0mica catalana amb hist\u00f2ria i identitat pr\u00f2pia.\",\"breadcrumb\":{\"@id\":\"https:\/\/satorrasceramica.com\/ca\/on-som\/#breadcrumb\"},\"inLanguage\":\"ca\",\"potentialAction\":[{\"@type\":\"ReadAction\",\"target\":[\"https:\/\/satorrasceramica.com\/ca\/on-som\/\"]}]},{\"@type\":\"ImageObject\",\"inLanguage\":\"ca\",\"@id\":\"https:\/\/satorrasceramica.com\/ca\/on-som\/#primaryimage\",\"url\":\"https:\/\/satorrasceramica.com\/wp-content\/uploads\/2021\/04\/impeka-shop-about-01-1.jpg\",\"contentUrl\":\"https:\/\/satorrasceramica.com\/wp-content\/uploads\/2021\/04\/impeka-shop-about-01-1.jpg\",\"width\":2400,\"height\":1200,\"caption\":\"Impeka - Elementor & WooCommerce Fashion shop by Greatives\"},{\"@type\":\"BreadcrumbList\",\"@id\":\"https:\/\/satorrasceramica.com\/ca\/on-som\/#breadcrumb\",\"itemListElement\":[{\"@type\":\"ListItem\",\"position\":1,\"name\":\"Home\",\"item\":\"https:\/\/satorrasceramica.com\/ca\/\"},{\"@type\":\"ListItem\",\"position\":2,\"name\":\"On som\"}]},{\"@type\":\"WebSite\",\"@id\":\"https:\/\/satorrasceramica.com\/ca\/#website\",\"url\":\"https:\/\/satorrasceramica.com\/ca\/\",\"name\":\"Satorras Ceramica\",\"description\":\"Taller de Cer\u00e1mica Satorras Reproducciones Art\u00edsticas Patrimoniales y Monumentales.\",\"publisher\":{\"@id\":\"https:\/\/satorrasceramica.com\/ca\/#organization\"},\"potentialAction\":[{\"@type\":\"SearchAction\",\"target\":{\"@type\":\"EntryPoint\",\"urlTemplate\":\"https:\/\/satorrasceramica.com\/ca\/?s={search_term_string}\"},\"query-input\":{\"@type\":\"PropertyValueSpecification\",\"valueRequired\":true,\"valueName\":\"search_term_string\"}}],\"inLanguage\":\"ca\"},{\"@type\":\"Organization\",\"@id\":\"https:\/\/satorrasceramica.com\/ca\/#organization\",\"name\":\"Satorras Ceramica\",\"url\":\"https:\/\/satorrasceramica.com\/ca\/\",\"logo\":{\"@type\":\"ImageObject\",\"inLanguage\":\"ca\",\"@id\":\"https:\/\/satorrasceramica.com\/ca\/#\/schema\/logo\/image\/\",\"url\":\"http:\/\/satorrasceramica.com\/wp-content\/uploads\/2023\/12\/logo-satorras.png\",\"contentUrl\":\"http:\/\/satorrasceramica.com\/wp-content\/uploads\/2023\/12\/logo-satorras.png\",\"width\":200,\"height\":200,\"caption\":\"Satorras Ceramica\"},\"image\":{\"@id\":\"https:\/\/satorrasceramica.com\/ca\/#\/schema\/logo\/image\/\"},\"sameAs\":[\"https:\/\/www.instagram.com\/satorrasceramica\/\"]}]}<\/script>\n<!-- \/ Yoast SEO plugin. -->","yoast_head_json":{"title":"Satorras | Taller de cer\u00e0mica a Santes Creus (Tarragona)","description":"Visita el nostre taller artesanal al cor de Santes Creus, a tocar del monestir. Cer\u00e0mica catalana amb hist\u00f2ria i identitat pr\u00f2pia.","robots":{"index":"index","follow":"follow","max-snippet":"max-snippet:-1","max-image-preview":"max-image-preview:large","max-video-preview":"max-video-preview:-1"},"canonical":"https:\/\/satorrasceramica.com\/ca\/on-som\/","og_locale":"ca_ES","og_type":"article","og_title":"Satorras | Taller de cer\u00e0mica a Santes Creus (Tarragona)","og_description":"Visita el nostre taller artesanal al cor de Santes Creus, a tocar del monestir. Cer\u00e0mica catalana amb hist\u00f2ria i identitat pr\u00f2pia.","og_url":"https:\/\/satorrasceramica.com\/ca\/on-som\/","og_site_name":"Satorras Ceramica","article_modified_time":"2025-07-30T08:41:40+00:00","og_image":[{"width":2400,"height":1200,"url":"https:\/\/satorrasceramica.com\/wp-content\/uploads\/2021\/04\/impeka-shop-about-01-1.jpg","type":"image\/jpeg"}],"twitter_card":"summary_large_image","twitter_misc":{"Est. reading time":"1 minut"},"schema":{"@context":"https:\/\/schema.org","@graph":[{"@type":"WebPage","@id":"https:\/\/satorrasceramica.com\/ca\/on-som\/","url":"https:\/\/satorrasceramica.com\/ca\/on-som\/","name":"Satorras | Taller de cer\u00e0mica a Santes Creus (Tarragona)","isPartOf":{"@id":"https:\/\/satorrasceramica.com\/ca\/#website"},"primaryImageOfPage":{"@id":"https:\/\/satorrasceramica.com\/ca\/on-som\/#primaryimage"},"image":{"@id":"https:\/\/satorrasceramica.com\/ca\/on-som\/#primaryimage"},"thumbnailUrl":"https:\/\/satorrasceramica.com\/wp-content\/uploads\/2021\/04\/impeka-shop-about-01-1.jpg","datePublished":"2025-07-25T11:59:44+00:00","dateModified":"2025-07-30T08:41:40+00:00","description":"Visita el nostre taller artesanal al cor de Santes Creus, a tocar del monestir. Cer\u00e0mica catalana amb hist\u00f2ria i identitat pr\u00f2pia.","breadcrumb":{"@id":"https:\/\/satorrasceramica.com\/ca\/on-som\/#breadcrumb"},"inLanguage":"ca","potentialAction":[{"@type":"ReadAction","target":["https:\/\/satorrasceramica.com\/ca\/on-som\/"]}]},{"@type":"ImageObject","inLanguage":"ca","@id":"https:\/\/satorrasceramica.com\/ca\/on-som\/#primaryimage","url":"https:\/\/satorrasceramica.com\/wp-content\/uploads\/2021\/04\/impeka-shop-about-01-1.jpg","contentUrl":"https:\/\/satorrasceramica.com\/wp-content\/uploads\/2021\/04\/impeka-shop-about-01-1.jpg","width":2400,"height":1200,"caption":"Impeka - Elementor & WooCommerce Fashion shop by Greatives"},{"@type":"BreadcrumbList","@id":"https:\/\/satorrasceramica.com\/ca\/on-som\/#breadcrumb","itemListElement":[{"@type":"ListItem","position":1,"name":"Home","item":"https:\/\/satorrasceramica.com\/ca\/"},{"@type":"ListItem","position":2,"name":"On som"}]},{"@type":"WebSite","@id":"https:\/\/satorrasceramica.com\/ca\/#website","url":"https:\/\/satorrasceramica.com\/ca\/","name":"Satorras Ceramica","description":"Taller de Cer\u00e1mica Satorras Reproducciones Art\u00edsticas Patrimoniales y Monumentales.","publisher":{"@id":"https:\/\/satorrasceramica.com\/ca\/#organization"},"potentialAction":[{"@type":"SearchAction","target":{"@type":"EntryPoint","urlTemplate":"https:\/\/satorrasceramica.com\/ca\/?s={search_term_string}"},"query-input":{"@type":"PropertyValueSpecification","valueRequired":true,"valueName":"search_term_string"}}],"inLanguage":"ca"},{"@type":"Organization","@id":"https:\/\/satorrasceramica.com\/ca\/#organization","name":"Satorras Ceramica","url":"https:\/\/satorrasceramica.com\/ca\/","logo":{"@type":"ImageObject","inLanguage":"ca","@id":"https:\/\/satorrasceramica.com\/ca\/#\/schema\/logo\/image\/","url":"http:\/\/satorrasceramica.com\/wp-content\/uploads\/2023\/12\/logo-satorras.png","contentUrl":"http:\/\/satorrasceramica.com\/wp-content\/uploads\/2023\/12\/logo-satorras.png","width":200,"height":200,"caption":"Satorras Ceramica"},"image":{"@id":"https:\/\/satorrasceramica.com\/ca\/#\/schema\/logo\/image\/"},"sameAs":["https:\/\/www.instagram.com\/satorrasceramica\/"]}]}},"jetpack_sharing_enabled":true,"_links":{"self":[{"href":"https:\/\/satorrasceramica.com\/ca\/wp-json\/wp\/v2\/pages\/7762","targetHints":{"allow":["GET"]}}],"collection":[{"href":"https:\/\/satorrasceramica.com\/ca\/wp-json\/wp\/v2\/pages"}],"about":[{"href":"https:\/\/satorrasceramica.com\/ca\/wp-json\/wp\/v2\/types\/page"}],"author":[{"embeddable":true,"href":"https:\/\/satorrasceramica.com\/ca\/wp-json\/wp\/v2\/users\/34"}],"replies":[{"embeddable":true,"href":"https:\/\/satorrasceramica.com\/ca\/wp-json\/wp\/v2\/comments?post=7762"}],"version-history":[{"count":1,"href":"https:\/\/satorrasceramica.com\/ca\/wp-json\/wp\/v2\/pages\/7762\/revisions"}],"predecessor-version":[{"id":7808,"href":"https:\/\/satorrasceramica.com\/ca\/wp-json\/wp\/v2\/pages\/7762\/revisions\/7808"}],"wp:featuredmedia":[{"embeddable":true,"href":"https:\/\/satorrasceramica.com\/ca\/wp-json\/wp\/v2\/media\/1696"}],"wp:attachment":[{"href":"https:\/\/satorrasceramica.com\/ca\/wp-json\/wp\/v2\/media?parent=7762"}],"curies":[{"name":"wp","href":"https:\/\/api.w.org\/{rel}","templated":true}]}}