{"id":7110,"date":"2023-11-20T18:28:02","date_gmt":"2023-11-20T18:28:02","guid":{"rendered":"http:\/\/satorrasceramica.com\/?page_id=7110"},"modified":"2026-03-01T18:16:09","modified_gmt":"2026-03-01T18:16:09","slug":"politica-de-privacitat","status":"publish","type":"page","link":"https:\/\/satorrasceramica.com\/ca\/politica-de-privacitat\/","title":{"rendered":"Pol\u00edtica de privacitat"},"content":{"rendered":"<div class=\"wpb-content-wrapper\"><p>[vc_row][vc_column][vc_column_text]<span style=\"font-weight: 400;\">A trav\u00e9s d\u2019aquesta pol\u00edtica, i en compliment del Reglament (UE) 2016\/679 del Parlament Europeu i del Consell (RGPD), aix\u00ed com de la Llei Org\u00e0nica 3\/2018, de protecci\u00f3 de dades i garantia dels drets digitals (LOPDGDD), t\u2019informem de com es recullen i tracten les teves dades personals a la web <\/span><b>www.satorrasceramica.com<\/b><span style=\"font-weight: 400;\">.<\/span><\/p>\n<h2><b>2. Dades que recollim<\/b><\/h2>\n<p><span style=\"font-weight: 400;\">Les dades que pots proporcionar de forma volunt\u00e0ria a trav\u00e9s del formulari de contacte, comandes o subscripci\u00f3 al butllet\u00ed poden incloure:<\/span><\/p>\n<ul>\n<li style=\"font-weight: 400;\" aria-level=\"1\"><span style=\"font-weight: 400;\">Nom i cognoms<\/span><\/li>\n<li style=\"font-weight: 400;\" aria-level=\"1\"><span style=\"font-weight: 400;\">Adre\u00e7a de correu electr\u00f2nic<\/span><\/li>\n<li style=\"font-weight: 400;\" aria-level=\"1\"><span style=\"font-weight: 400;\">Tel\u00e8fon<\/span><\/li>\n<li style=\"font-weight: 400;\" aria-level=\"1\"><span style=\"font-weight: 400;\">Dades postals per a l\u2019enviament de comandes<\/span><\/li>\n<li style=\"font-weight: 400;\" aria-level=\"1\"><span style=\"font-weight: 400;\">Dades de facturaci\u00f3<\/span><\/li>\n<li style=\"font-weight: 400;\" aria-level=\"1\"><span style=\"font-weight: 400;\">Informaci\u00f3 relativa a les comandes o sol\u00b7licituds realitzades<\/span><\/li>\n<li style=\"font-weight: 400;\" aria-level=\"1\"><span style=\"font-weight: 400;\">Dades de navegaci\u00f3 (cookies)<\/span><span style=\"font-weight: 400;\"><br \/>\n<\/span><\/li>\n<\/ul>\n<h2><b>3. Finalitats del tractament<\/b><\/h2>\n<p><span style=\"font-weight: 400;\">Tractem les dades per a les seg\u00fcents finalitats:<\/span><\/p>\n<ul>\n<li style=\"font-weight: 400;\" aria-level=\"1\"><span style=\"font-weight: 400;\">Gestionar les comandes realitzades a trav\u00e9s del lloc web<\/span><\/li>\n<li style=\"font-weight: 400;\" aria-level=\"1\"><span style=\"font-weight: 400;\">Enviar comunicacions comercials si l\u2019usuari n\u2019ha donat consentiment expl\u00edcit<\/span><\/li>\n<li style=\"font-weight: 400;\" aria-level=\"1\"><span style=\"font-weight: 400;\">Respondre consultes i oferir informaci\u00f3 sol\u00b7licitada a trav\u00e9s del formulari de contacte<\/span><\/li>\n<li style=\"font-weight: 400;\" aria-level=\"1\"><span style=\"font-weight: 400;\">Complir amb obligacions legals de facturaci\u00f3 i fiscals<\/span><\/li>\n<li style=\"font-weight: 400;\" aria-level=\"1\"><span style=\"font-weight: 400;\">Millorar l\u2019experi\u00e8ncia de navegaci\u00f3 i \u00fas de la web (mitjan\u00e7ant cookies t\u00e8cniques i anal\u00edtiques)<\/span><span style=\"font-weight: 400;\"><br \/>\n<\/span><\/li>\n<\/ul>\n<h2><b>4. Legitimaci\u00f3<\/b><\/h2>\n<p><span style=\"font-weight: 400;\">Les bases legals per al tractament de les dades s\u00f3n:<\/span><\/p>\n<ul>\n<li style=\"font-weight: 400;\" aria-level=\"1\"><span style=\"font-weight: 400;\">L\u2019execuci\u00f3 d\u2019un contracte de compravenda (comandes)<\/span><\/li>\n<li style=\"font-weight: 400;\" aria-level=\"1\"><span style=\"font-weight: 400;\">El consentiment expr\u00e9s de l\u2019usuari (formulari de contacte, subscripci\u00f3 a newsletter)<\/span><\/li>\n<li style=\"font-weight: 400;\" aria-level=\"1\"><span style=\"font-weight: 400;\">L\u2019obligaci\u00f3 legal en mat\u00e8ria fiscal i comptable<\/span><\/li>\n<li style=\"font-weight: 400;\" aria-level=\"1\"><span style=\"font-weight: 400;\">L\u2019inter\u00e8s leg\u00edtim per millorar el servei i prevenir abusos o fraus<\/span><span style=\"font-weight: 400;\"><br \/>\n<\/span><\/li>\n<\/ul>\n<h2><b>5. Conservaci\u00f3 de les dades<\/b><\/h2>\n<p><span style=\"font-weight: 400;\">Les dades personals es conservaran:<\/span><\/p>\n<ul>\n<li style=\"font-weight: 400;\" aria-level=\"1\"><span style=\"font-weight: 400;\">Mentre duri la relaci\u00f3 comercial o l\u2019usuari no en sol\u00b7liciti la supressi\u00f3<\/span><\/li>\n<li style=\"font-weight: 400;\" aria-level=\"1\"><span style=\"font-weight: 400;\">Durant el termini legal necessari per complir amb obligacions fiscals i comptables<\/span><\/li>\n<li style=\"font-weight: 400;\" aria-level=\"1\"><span style=\"font-weight: 400;\">Les dades per a comunicacions comercials es conservaran fins que l\u2019usuari cancel\u00b7li la subscripci\u00f3<\/span><span style=\"font-weight: 400;\"><br \/>\n<\/span><\/li>\n<\/ul>\n<h2><b>6. Destinataris de les dades<\/b><\/h2>\n<p><span style=\"font-weight: 400;\">No es comunicaran dades personals a tercers, excepte per obligaci\u00f3 legal o quan sigui imprescindible per prestar el servei (ex: empreses de transport, passarel\u00b7les de pagament o serveis d\u2019email m\u00e0rqueting amb els quals s\u2019ha signat el corresponent contracte d\u2019encarregat de tractament).<\/span><\/p>\n<h2><b>7. Drets de les persones usu\u00e0ries<\/b><\/h2>\n<p><span style=\"font-weight: 400;\">Tens dret a:<\/span><\/p>\n<ul>\n<li style=\"font-weight: 400;\" aria-level=\"1\"><span style=\"font-weight: 400;\">Accedir a les teves dades personals<\/span><\/li>\n<li style=\"font-weight: 400;\" aria-level=\"1\"><span style=\"font-weight: 400;\">Rectificar dades inexactes o incompletes<\/span><\/li>\n<li style=\"font-weight: 400;\" aria-level=\"1\"><span style=\"font-weight: 400;\">Sol\u00b7licitar-ne la supressi\u00f3 quan ja no siguin necess\u00e0ries<\/span><\/li>\n<li style=\"font-weight: 400;\" aria-level=\"1\"><span style=\"font-weight: 400;\">Oposar-te o limitar-ne el tractament<\/span><\/li>\n<li style=\"font-weight: 400;\" aria-level=\"1\"><span style=\"font-weight: 400;\">Sol\u00b7licitar-ne la portabilitat<\/span><\/li>\n<li style=\"font-weight: 400;\" aria-level=\"1\"><span style=\"font-weight: 400;\">Retirar el consentiment en qualsevol moment<\/span><span style=\"font-weight: 400;\"><br \/>\n<\/span><\/li>\n<\/ul>\n<p><span style=\"font-weight: 400;\">Pots exercir els teus drets escrivint a <\/span><a href=\"mailto:adamsato@gmail.com\"><b>adamsato@gmail.com<\/b><\/a><span style=\"font-weight: 400;\">, indicant el dret que vols exercir i acreditant la teva identitat.<\/span><\/p>\n<p><span style=\"font-weight: 400;\">Tamb\u00e9 tens dret a presentar una reclamaci\u00f3 davant l\u2019Ag\u00e8ncia Espanyola de Protecci\u00f3 de Dades (<a href=\"http:\/\/www.aepd.es\">www.aepd.es<\/a>) si consideres que s\u2019han vulnerat els teus drets.<\/span><\/p>\n<h2><b>8. Mesures de seguretat<\/b><\/h2>\n<p><span style=\"font-weight: 400;\">S\u2019han adoptat les mesures t\u00e8cniques i organitzatives necess\u00e0ries per garantir la seguretat i confidencialitat de les dades i evitar-ne l\u2019alteraci\u00f3, p\u00e8rdua, tractament o acc\u00e9s no autoritzat.<\/span>[\/vc_column_text][\/vc_column][\/vc_row]<\/p>\n<\/div>","protected":false},"excerpt":{"rendered":"<p>Impeka Shop &#8211; Shop case study with WooCommerce products and Impeka. Showcase your products and start selling in a few minutes.<\/p>\n","protected":false},"author":1,"featured_media":1890,"parent":0,"menu_order":0,"comment_status":"closed","ping_status":"closed","template":"","meta":{"content-type":"","footnotes":""},"class_list":["post-7110","page","type-page","status-publish","has-post-thumbnail","hentry","grve-entry-item"],"yoast_head":"<!-- This site is optimized with the Yoast SEO plugin v25.5 - https:\/\/yoast.com\/wordpress\/plugins\/seo\/ -->\n<title>Pol\u00edtica de privacitat - Taller de Cer\u00e1mica Satorras Reproducciones Art\u00edsticas Patrimoniales y Monumentales.<\/title>\n<meta name=\"description\" content=\"Reproducciones exquisitas de obras maestras en cer\u00e1mica. Explora nuestra colecci\u00f3n de piezas \u00fanicas, cada una un tributo al patrimonio cultural y monumental.\" \/>\n<meta name=\"robots\" content=\"index, follow, max-snippet:-1, max-image-preview:large, max-video-preview:-1\" \/>\n<link rel=\"canonical\" href=\"https:\/\/satorrasceramica.com\/ca\/politica-de-privacitat\/\" \/>\n<meta property=\"og:locale\" content=\"ca_ES\" \/>\n<meta property=\"og:type\" content=\"article\" \/>\n<meta property=\"og:title\" content=\"Pol\u00edtica de privacitat - Taller de Cer\u00e1mica Satorras Reproducciones Art\u00edsticas Patrimoniales y Monumentales.\" \/>\n<meta property=\"og:description\" content=\"Reproducciones exquisitas de obras maestras en cer\u00e1mica. Explora nuestra colecci\u00f3n de piezas \u00fanicas, cada una un tributo al patrimonio cultural y monumental.\" \/>\n<meta property=\"og:url\" content=\"https:\/\/satorrasceramica.com\/ca\/politica-de-privacitat\/\" \/>\n<meta property=\"og:site_name\" content=\"Satorras Ceramica\" \/>\n<meta property=\"article:modified_time\" content=\"2026-03-01T18:16:09+00:00\" \/>\n<meta property=\"og:image\" content=\"http:\/\/satorrasceramica.com\/wp-content\/uploads\/2021\/02\/shop-screenshot-1.png\" \/>\n\t<meta property=\"og:image:width\" content=\"1200\" \/>\n\t<meta property=\"og:image:height\" content=\"900\" \/>\n\t<meta property=\"og:image:type\" content=\"image\/png\" \/>\n<meta name=\"twitter:card\" content=\"summary_large_image\" \/>\n<meta name=\"twitter:label1\" content=\"Est. reading time\" \/>\n\t<meta name=\"twitter:data1\" content=\"3 minuts\" \/>\n<script type=\"application\/ld+json\" class=\"yoast-schema-graph\">{\"@context\":\"https:\/\/schema.org\",\"@graph\":[{\"@type\":\"WebPage\",\"@id\":\"https:\/\/satorrasceramica.com\/ca\/politica-de-privacitat\/\",\"url\":\"https:\/\/satorrasceramica.com\/ca\/politica-de-privacitat\/\",\"name\":\"Pol\u00edtica de privacitat - Taller de Cer\u00e1mica Satorras Reproducciones Art\u00edsticas Patrimoniales y Monumentales.\",\"isPartOf\":{\"@id\":\"https:\/\/satorrasceramica.com\/ca\/#website\"},\"primaryImageOfPage\":{\"@id\":\"https:\/\/satorrasceramica.com\/ca\/politica-de-privacitat\/#primaryimage\"},\"image\":{\"@id\":\"https:\/\/satorrasceramica.com\/ca\/politica-de-privacitat\/#primaryimage\"},\"thumbnailUrl\":\"https:\/\/satorrasceramica.com\/wp-content\/uploads\/2021\/02\/shop-screenshot-1.png\",\"datePublished\":\"2023-11-20T18:28:02+00:00\",\"dateModified\":\"2026-03-01T18:16:09+00:00\",\"description\":\"Reproducciones exquisitas de obras maestras en cer\u00e1mica. Explora nuestra colecci\u00f3n de piezas \u00fanicas, cada una un tributo al patrimonio cultural y monumental.\",\"breadcrumb\":{\"@id\":\"https:\/\/satorrasceramica.com\/ca\/politica-de-privacitat\/#breadcrumb\"},\"inLanguage\":\"ca\",\"potentialAction\":[{\"@type\":\"ReadAction\",\"target\":[\"https:\/\/satorrasceramica.com\/ca\/politica-de-privacitat\/\"]}]},{\"@type\":\"ImageObject\",\"inLanguage\":\"ca\",\"@id\":\"https:\/\/satorrasceramica.com\/ca\/politica-de-privacitat\/#primaryimage\",\"url\":\"https:\/\/satorrasceramica.com\/wp-content\/uploads\/2021\/02\/shop-screenshot-1.png\",\"contentUrl\":\"https:\/\/satorrasceramica.com\/wp-content\/uploads\/2021\/02\/shop-screenshot-1.png\",\"width\":1200,\"height\":900,\"caption\":\"Impeka Shop- Premium WordPress Multipurpose theme by Greatives\"},{\"@type\":\"BreadcrumbList\",\"@id\":\"https:\/\/satorrasceramica.com\/ca\/politica-de-privacitat\/#breadcrumb\",\"itemListElement\":[{\"@type\":\"ListItem\",\"position\":1,\"name\":\"Home\",\"item\":\"https:\/\/satorrasceramica.com\/ca\/\"},{\"@type\":\"ListItem\",\"position\":2,\"name\":\"Pol\u00edtica de privacitat\"}]},{\"@type\":\"WebSite\",\"@id\":\"https:\/\/satorrasceramica.com\/ca\/#website\",\"url\":\"https:\/\/satorrasceramica.com\/ca\/\",\"name\":\"Satorras Ceramica\",\"description\":\"Taller de Cer\u00e1mica Satorras Reproducciones Art\u00edsticas Patrimoniales y Monumentales.\",\"publisher\":{\"@id\":\"https:\/\/satorrasceramica.com\/ca\/#organization\"},\"potentialAction\":[{\"@type\":\"SearchAction\",\"target\":{\"@type\":\"EntryPoint\",\"urlTemplate\":\"https:\/\/satorrasceramica.com\/ca\/?s={search_term_string}\"},\"query-input\":{\"@type\":\"PropertyValueSpecification\",\"valueRequired\":true,\"valueName\":\"search_term_string\"}}],\"inLanguage\":\"ca\"},{\"@type\":\"Organization\",\"@id\":\"https:\/\/satorrasceramica.com\/ca\/#organization\",\"name\":\"Satorras Ceramica\",\"url\":\"https:\/\/satorrasceramica.com\/ca\/\",\"logo\":{\"@type\":\"ImageObject\",\"inLanguage\":\"ca\",\"@id\":\"https:\/\/satorrasceramica.com\/ca\/#\/schema\/logo\/image\/\",\"url\":\"http:\/\/satorrasceramica.com\/wp-content\/uploads\/2023\/12\/logo-satorras.png\",\"contentUrl\":\"http:\/\/satorrasceramica.com\/wp-content\/uploads\/2023\/12\/logo-satorras.png\",\"width\":200,\"height\":200,\"caption\":\"Satorras Ceramica\"},\"image\":{\"@id\":\"https:\/\/satorrasceramica.com\/ca\/#\/schema\/logo\/image\/\"},\"sameAs\":[\"https:\/\/www.instagram.com\/satorrasceramica\/\"]}]}<\/script>\n<!-- \/ Yoast SEO plugin. -->","yoast_head_json":{"title":"Pol\u00edtica de privacitat - Taller de Cer\u00e1mica Satorras Reproducciones Art\u00edsticas Patrimoniales y Monumentales.","description":"Reproducciones exquisitas de obras maestras en cer\u00e1mica. Explora nuestra colecci\u00f3n de piezas \u00fanicas, cada una un tributo al patrimonio cultural y monumental.","robots":{"index":"index","follow":"follow","max-snippet":"max-snippet:-1","max-image-preview":"max-image-preview:large","max-video-preview":"max-video-preview:-1"},"canonical":"https:\/\/satorrasceramica.com\/ca\/politica-de-privacitat\/","og_locale":"ca_ES","og_type":"article","og_title":"Pol\u00edtica de privacitat - Taller de Cer\u00e1mica Satorras Reproducciones Art\u00edsticas Patrimoniales y Monumentales.","og_description":"Reproducciones exquisitas de obras maestras en cer\u00e1mica. Explora nuestra colecci\u00f3n de piezas \u00fanicas, cada una un tributo al patrimonio cultural y monumental.","og_url":"https:\/\/satorrasceramica.com\/ca\/politica-de-privacitat\/","og_site_name":"Satorras Ceramica","article_modified_time":"2026-03-01T18:16:09+00:00","og_image":[{"width":1200,"height":900,"url":"http:\/\/satorrasceramica.com\/wp-content\/uploads\/2021\/02\/shop-screenshot-1.png","type":"image\/png"}],"twitter_card":"summary_large_image","twitter_misc":{"Est. reading time":"3 minuts"},"schema":{"@context":"https:\/\/schema.org","@graph":[{"@type":"WebPage","@id":"https:\/\/satorrasceramica.com\/ca\/politica-de-privacitat\/","url":"https:\/\/satorrasceramica.com\/ca\/politica-de-privacitat\/","name":"Pol\u00edtica de privacitat - Taller de Cer\u00e1mica Satorras Reproducciones Art\u00edsticas Patrimoniales y Monumentales.","isPartOf":{"@id":"https:\/\/satorrasceramica.com\/ca\/#website"},"primaryImageOfPage":{"@id":"https:\/\/satorrasceramica.com\/ca\/politica-de-privacitat\/#primaryimage"},"image":{"@id":"https:\/\/satorrasceramica.com\/ca\/politica-de-privacitat\/#primaryimage"},"thumbnailUrl":"https:\/\/satorrasceramica.com\/wp-content\/uploads\/2021\/02\/shop-screenshot-1.png","datePublished":"2023-11-20T18:28:02+00:00","dateModified":"2026-03-01T18:16:09+00:00","description":"Reproducciones exquisitas de obras maestras en cer\u00e1mica. Explora nuestra colecci\u00f3n de piezas \u00fanicas, cada una un tributo al patrimonio cultural y monumental.","breadcrumb":{"@id":"https:\/\/satorrasceramica.com\/ca\/politica-de-privacitat\/#breadcrumb"},"inLanguage":"ca","potentialAction":[{"@type":"ReadAction","target":["https:\/\/satorrasceramica.com\/ca\/politica-de-privacitat\/"]}]},{"@type":"ImageObject","inLanguage":"ca","@id":"https:\/\/satorrasceramica.com\/ca\/politica-de-privacitat\/#primaryimage","url":"https:\/\/satorrasceramica.com\/wp-content\/uploads\/2021\/02\/shop-screenshot-1.png","contentUrl":"https:\/\/satorrasceramica.com\/wp-content\/uploads\/2021\/02\/shop-screenshot-1.png","width":1200,"height":900,"caption":"Impeka Shop- Premium WordPress Multipurpose theme by Greatives"},{"@type":"BreadcrumbList","@id":"https:\/\/satorrasceramica.com\/ca\/politica-de-privacitat\/#breadcrumb","itemListElement":[{"@type":"ListItem","position":1,"name":"Home","item":"https:\/\/satorrasceramica.com\/ca\/"},{"@type":"ListItem","position":2,"name":"Pol\u00edtica de privacitat"}]},{"@type":"WebSite","@id":"https:\/\/satorrasceramica.com\/ca\/#website","url":"https:\/\/satorrasceramica.com\/ca\/","name":"Satorras Ceramica","description":"Taller de Cer\u00e1mica Satorras Reproducciones Art\u00edsticas Patrimoniales y Monumentales.","publisher":{"@id":"https:\/\/satorrasceramica.com\/ca\/#organization"},"potentialAction":[{"@type":"SearchAction","target":{"@type":"EntryPoint","urlTemplate":"https:\/\/satorrasceramica.com\/ca\/?s={search_term_string}"},"query-input":{"@type":"PropertyValueSpecification","valueRequired":true,"valueName":"search_term_string"}}],"inLanguage":"ca"},{"@type":"Organization","@id":"https:\/\/satorrasceramica.com\/ca\/#organization","name":"Satorras Ceramica","url":"https:\/\/satorrasceramica.com\/ca\/","logo":{"@type":"ImageObject","inLanguage":"ca","@id":"https:\/\/satorrasceramica.com\/ca\/#\/schema\/logo\/image\/","url":"http:\/\/satorrasceramica.com\/wp-content\/uploads\/2023\/12\/logo-satorras.png","contentUrl":"http:\/\/satorrasceramica.com\/wp-content\/uploads\/2023\/12\/logo-satorras.png","width":200,"height":200,"caption":"Satorras Ceramica"},"image":{"@id":"https:\/\/satorrasceramica.com\/ca\/#\/schema\/logo\/image\/"},"sameAs":["https:\/\/www.instagram.com\/satorrasceramica\/"]}]}},"jetpack_sharing_enabled":true,"_links":{"self":[{"href":"https:\/\/satorrasceramica.com\/ca\/wp-json\/wp\/v2\/pages\/7110","targetHints":{"allow":["GET"]}}],"collection":[{"href":"https:\/\/satorrasceramica.com\/ca\/wp-json\/wp\/v2\/pages"}],"about":[{"href":"https:\/\/satorrasceramica.com\/ca\/wp-json\/wp\/v2\/types\/page"}],"author":[{"embeddable":true,"href":"https:\/\/satorrasceramica.com\/ca\/wp-json\/wp\/v2\/users\/1"}],"replies":[{"embeddable":true,"href":"https:\/\/satorrasceramica.com\/ca\/wp-json\/wp\/v2\/comments?post=7110"}],"version-history":[{"count":2,"href":"https:\/\/satorrasceramica.com\/ca\/wp-json\/wp\/v2\/pages\/7110\/revisions"}],"predecessor-version":[{"id":7844,"href":"https:\/\/satorrasceramica.com\/ca\/wp-json\/wp\/v2\/pages\/7110\/revisions\/7844"}],"wp:featuredmedia":[{"embeddable":true,"href":"https:\/\/satorrasceramica.com\/ca\/wp-json\/wp\/v2\/media\/1890"}],"wp:attachment":[{"href":"https:\/\/satorrasceramica.com\/ca\/wp-json\/wp\/v2\/media?parent=7110"}],"curies":[{"name":"wp","href":"https:\/\/api.w.org\/{rel}","templated":true}]}}