{"id":1468,"date":"2021-04-26T13:17:55","date_gmt":"2021-04-26T13:17:55","guid":{"rendered":"http:\/\/satorrasceramica.com\/about\/"},"modified":"2025-08-25T11:55:44","modified_gmt":"2025-08-25T11:55:44","slug":"qui-som","status":"publish","type":"page","link":"https:\/\/satorrasceramica.com\/ca\/qui-som\/","title":{"rendered":"Qui som"},"content":{"rendered":"\t\t<div data-elementor-type=\"wp-page\" data-elementor-id=\"1468\" class=\"elementor elementor-1468\">\n\t\t\t\t\t\t<section class=\"elementor-section elementor-top-section elementor-element elementor-element-68c5ec0 elementor-section-boxed elementor-section-height-default elementor-section-height-default\" data-id=\"68c5ec0\" data-element_type=\"section\">\n\t\t\t\t\t\t<div class=\"elementor-container elementor-column-gap-default\">\n\t\t\t\t\t<div class=\"elementor-column elementor-col-100 elementor-top-column elementor-element elementor-element-994c2bb\" data-id=\"994c2bb\" data-element_type=\"column\">\n\t\t\t<div class=\"elementor-widget-wrap elementor-element-populated\">\n\t\t\t\t\t\t<div class=\"elementor-element elementor-element-f0a5680 grve-elementor-align-center elementor-widget elementor-widget-impeka_title\" data-id=\"f0a5680\" data-element_type=\"widget\" data-widget_type=\"impeka_title.default\">\n\t\t\t\t<div class=\"elementor-widget-container\">\n\t\t\t\t\t<h1 class=\"grve-element grve-title grve-subtitle-text\"><span><b>QUI SOM <\/b><br><\/span><\/h1>\t\t\t\t<\/div>\n\t\t\t\t<\/div>\n\t\t\t\t<div class=\"elementor-element elementor-element-f5ebec0 grve-elementor-align-center elementor-widget elementor-widget-impeka_title\" data-id=\"f5ebec0\" data-element_type=\"widget\" data-widget_type=\"impeka_title.default\">\n\t\t\t\t<div class=\"elementor-widget-container\">\n\t\t\t\t\t<h2 class=\"grve-element grve-title grve-h1\"><span><span style=\"font-weight: 400;\">El nostre taller de cer\u00e0mica <\/span><br><\/span><\/h2>\t\t\t\t<\/div>\n\t\t\t\t<\/div>\n\t\t\t\t<div class=\"elementor-element elementor-element-e136442 elementor-widget elementor-widget-text-editor\" data-id=\"e136442\" data-element_type=\"widget\" data-widget_type=\"text-editor.default\">\n\t\t\t\t<div class=\"elementor-widget-container\">\n\t\t\t\t\t\t\t\t\t<p><span style=\"font-weight: 400;\">Benvinguts al nostre taller de <\/span><b>Santes Creus<\/b><span style=\"font-weight: 400;\">, un espai on la cer\u00e0mica s\u2019ha viscut sempre com un ofici, una passi\u00f3 i una manera d\u2019entendre la vida. Un llegat que va comen\u00e7ar amb el mestre ceramista <\/span><b>Jaume Satorras <\/b><span style=\"font-weight: 400;\">i el comprom\u00eds de la seva esposa, <\/span><b>Esther Pijoan <\/b><span style=\"font-weight: 400;\">i que avui continua viu gr\u00e0cies a la nova generaci\u00f3 que en mant\u00e9 l\u2019esperit i l\u2019exig\u00e8ncia\u00a0<\/span><\/p>\n<p><span style=\"font-weight: 400;\">Les nostres col\u00b7leccions s\u00f3n <\/span><b>peces artesanes \u00faniques<\/b><span style=\"font-weight: 400;\">, elaborades amb la mateixa cura i fidelitat que Jaume imprimia a cadascuna de les seves obres: reproduccions de monuments arquitectonics, logotips per a empreses, enc\u00e0rrecs art\u00edstics o regals personalitzats, sempre amb \u00e0nima i identitat pr\u00f2pia. <\/span><\/p>\t\t\t\t\t\t\t\t<\/div>\n\t\t\t\t<\/div>\n\t\t\t\t\t<\/div>\n\t\t<\/div>\n\t\t\t\t\t<\/div>\n\t\t<\/section>\n\t\t\t\t<section class=\"elementor-section elementor-top-section elementor-element elementor-element-a39a87c elementor-section-boxed elementor-section-height-default elementor-section-height-default\" data-id=\"a39a87c\" data-element_type=\"section\" data-settings=\"{&quot;background_background&quot;:&quot;classic&quot;}\">\n\t\t\t\t\t\t<div class=\"elementor-container elementor-column-gap-default\">\n\t\t\t\t\t<div class=\"elementor-column elementor-col-100 elementor-top-column elementor-element elementor-element-a088b04\" data-id=\"a088b04\" data-element_type=\"column\">\n\t\t\t<div class=\"elementor-widget-wrap\">\n\t\t\t\t\t\t\t<\/div>\n\t\t<\/div>\n\t\t\t\t\t<\/div>\n\t\t<\/section>\n\t\t\t\t<section class=\"elementor-section elementor-top-section elementor-element elementor-element-70936a7 elementor-section-boxed elementor-section-height-default elementor-section-height-default\" data-id=\"70936a7\" data-element_type=\"section\">\n\t\t\t\t\t\t<div class=\"elementor-container elementor-column-gap-default\">\n\t\t\t\t\t<div class=\"elementor-column elementor-col-50 elementor-top-column elementor-element elementor-element-331bde7\" data-id=\"331bde7\" data-element_type=\"column\">\n\t\t\t<div class=\"elementor-widget-wrap elementor-element-populated\">\n\t\t\t\t\t\t<div class=\"elementor-element elementor-element-c360100 grve-elementor-align-left elementor-widget elementor-widget-impeka_image_single\" data-id=\"c360100\" data-element_type=\"widget\" data-widget_type=\"impeka_image_single.default\">\n\t\t\t\t<div class=\"elementor-widget-container\">\n\t\t\t\t\t<div class=\"grve-element grve-image\">\r\n\t<div class=\"grve-image-item\">\r\n\t\t\r\n\r\n<div class=\"grve-image-wrapper grve-none\">\r\n\t\t<div class=\"grve-thumbnail-wrapper\"  style=\"width: 768px;\"><div class=\"grve-thumbnail\"  style=\"padding-top: 137.5%;\"><img fetchpriority=\"high\" decoding=\"async\" width=\"768\" height=\"1056\" src=\"https:\/\/satorrasceramica.com\/wp-content\/uploads\/2025\/07\/satorras-qui-som-03-768x1056.png\" class=\"attachment-medium_large size-medium_large\" alt=\"\" data-column-space=\"auto\" data-lazyload=\"\" data-grve-filter=\"yes\" srcset=\"https:\/\/satorrasceramica.com\/wp-content\/uploads\/2025\/07\/satorras-qui-som-03-768x1056.png 768w, https:\/\/satorrasceramica.com\/wp-content\/uploads\/2025\/07\/satorras-qui-som-03-218x300.png 218w, https:\/\/satorrasceramica.com\/wp-content\/uploads\/2025\/07\/satorras-qui-som-03-745x1024.png 745w, https:\/\/satorrasceramica.com\/wp-content\/uploads\/2025\/07\/satorras-qui-som-03-600x825.png 600w, https:\/\/satorrasceramica.com\/wp-content\/uploads\/2025\/07\/satorras-qui-som-03.png 800w\" sizes=\"(max-width: 768px) 100vw, 768px\" \/><\/div><\/div>\t<\/div>\r\n\t<\/div>\r\n<\/div>\r\n\t\t\t\t<\/div>\n\t\t\t\t<\/div>\n\t\t\t\t\t<\/div>\n\t\t<\/div>\n\t\t\t\t<div class=\"elementor-column elementor-col-50 elementor-top-column elementor-element elementor-element-f6ffc76\" data-id=\"f6ffc76\" data-element_type=\"column\">\n\t\t\t<div class=\"elementor-widget-wrap elementor-element-populated\">\n\t\t\t\t\t\t<div class=\"elementor-element elementor-element-58e3f20 grve-elementor-align-left elementor-widget elementor-widget-impeka_title\" data-id=\"58e3f20\" data-element_type=\"widget\" data-widget_type=\"impeka_title.default\">\n\t\t\t\t<div class=\"elementor-widget-container\">\n\t\t\t\t\t<h2 class=\"grve-element grve-title grve-h1\"><span><span style=\"font-weight: 400;\">Un llegat que continua<\/span><br><\/span><\/h2>\t\t\t\t<\/div>\n\t\t\t\t<\/div>\n\t\t\t\t<div class=\"elementor-element elementor-element-9c1e2a7 elementor-widget elementor-widget-text-editor\" data-id=\"9c1e2a7\" data-element_type=\"widget\" data-widget_type=\"text-editor.default\">\n\t\t\t\t<div class=\"elementor-widget-container\">\n\t\t\t\t\t\t\t\t\t<p><b>Jaume Satorras <\/b><span style=\"font-weight: 400;\">va dedicar tota la seva vida a la cer\u00e0mica. Format a l\u2019<\/span><b>Escola Massana<\/b><span style=\"font-weight: 400;\">, i becat per ampliar estudis a <\/span><b>Flor\u00e8ncia<\/b><span style=\"font-weight: 400;\">, va ser reconegut amb premis com el <\/span><b>\u201cCiutat de Barcelona\u201d<\/b><span style=\"font-weight: 400;\">, i el prestigi\u00f3s <\/span><b>Premi FAD de Disseny (1978)<\/b><span style=\"font-weight: 400;\">, que van consolidar la seva traject\u00f2ria com a referent de la cer\u00e0mica art\u00edstica contempor\u00e0nia hon va exposar la seva obra a <\/span><b>Par\u00eds <\/b><span style=\"font-weight: 400;\">i a diversos espais de refer\u00e8ncia de l\u2019artesania catalana.\u00a0<\/span><\/p><p><span style=\"font-weight: 400;\">Tamb\u00e9 va ser seleccionat com una de les <\/span><b>20 empreses artesanes catalanes <\/b><span style=\"font-weight: 400;\">per participar en la <\/span><b>Mostra de Producte Artesanal (MAP) <\/b><span style=\"font-weight: 400;\">de la Generalitat, i distingit amb la qualificaci\u00f3 <\/span><b>PAQ \u2013 Producte Artes\u00e0 Qualificat<\/b><span style=\"font-weight: 400;\">, que acredita la qualitat, l\u2019origen artesanal i el comprom\u00eds amb el disseny i la innovaci\u00f3.\u00a0<\/span><\/p><p><span style=\"font-weight: 400;\">Avui, el seu fill pren el relleu i dirigeix el taller amb la mateixa passi\u00f3 i rigor. Amb el suport de l\u2019Esther, esposa d\u2019en Jaume i part essencial d\u2019aquest projecte, continuem elaborant cada pe\u00e7a seguint els valors fundacionals de l\u2019empresa: <\/span><b>ofici, autenticitat i comprom\u00eds<\/b><span style=\"font-weight: 400;\">.\u00a0<\/span><\/p>\t\t\t\t\t\t\t\t<\/div>\n\t\t\t\t<\/div>\n\t\t\t\t\t<\/div>\n\t\t<\/div>\n\t\t\t\t\t<\/div>\n\t\t<\/section>\n\t\t\t\t<section class=\"elementor-section elementor-top-section elementor-element elementor-element-144d192 elementor-section-boxed elementor-section-height-default elementor-section-height-default\" data-id=\"144d192\" data-element_type=\"section\">\n\t\t\t\t\t\t<div class=\"elementor-container elementor-column-gap-default\">\n\t\t\t\t\t<div class=\"elementor-column elementor-col-50 elementor-top-column elementor-element elementor-element-bc7c885\" data-id=\"bc7c885\" data-element_type=\"column\">\n\t\t\t<div class=\"elementor-widget-wrap elementor-element-populated\">\n\t\t\t\t\t\t<div class=\"elementor-element elementor-element-4f46dbe grve-elementor-align-left elementor-widget elementor-widget-impeka_title\" data-id=\"4f46dbe\" data-element_type=\"widget\" data-widget_type=\"impeka_title.default\">\n\t\t\t\t<div class=\"elementor-widget-container\">\n\t\t\t\t\t<h2 class=\"grve-element grve-title grve-h1\"><span><span style=\"font-weight: 400;\">Qualitat reconeguda i obra viva<\/span><br><\/span><\/h2>\t\t\t\t<\/div>\n\t\t\t\t<\/div>\n\t\t\t\t<div class=\"elementor-element elementor-element-36b15e3 elementor-widget elementor-widget-text-editor\" data-id=\"36b15e3\" data-element_type=\"widget\" data-widget_type=\"text-editor.default\">\n\t\t\t\t<div class=\"elementor-widget-container\">\n\t\t\t\t\t\t\t\t\t<p><span style=\"font-weight: 400;\">Les peces estan realitzades amb <\/span><b>terra refract\u00e0ria cuita a 1.250 \u00b0C <\/b><span style=\"font-weight: 400;\">i muntades sobre <\/span><b>vidre serigrafiat<\/b><span style=\"font-weight: 400;\">, amb el nom, l\u2019indret i l\u2019\u00e8poca corresponent. Porten el <\/span><b>segell original<\/b><span style=\"font-weight: 400;\">, i cada obra s\u2019acompanya d\u2019un tr\u00edptic amb la seva hist\u00f2ria, simbologia i descripci\u00f3 t\u00e8cnica.\u00a0<\/span><\/p>\t\t\t\t\t\t\t\t<\/div>\n\t\t\t\t<\/div>\n\t\t\t\t\t<\/div>\n\t\t<\/div>\n\t\t\t\t<div class=\"elementor-column elementor-col-50 elementor-top-column elementor-element elementor-element-2b65b10\" data-id=\"2b65b10\" data-element_type=\"column\">\n\t\t\t<div class=\"elementor-widget-wrap elementor-element-populated\">\n\t\t\t\t\t\t<div class=\"elementor-element elementor-element-6c5325f grve-elementor-align-left elementor-widget elementor-widget-impeka_image_single\" data-id=\"6c5325f\" data-element_type=\"widget\" data-widget_type=\"impeka_image_single.default\">\n\t\t\t\t<div class=\"elementor-widget-container\">\n\t\t\t\t\t<div class=\"grve-element grve-image\">\r\n\t<div class=\"grve-image-item\">\r\n\t\t\r\n\r\n<div class=\"grve-image-wrapper grve-none\">\r\n\t\t<div class=\"grve-thumbnail-wrapper\"  style=\"width: 768px;\"><div class=\"grve-thumbnail\"  style=\"padding-top: 75%;\"><img decoding=\"async\" width=\"768\" height=\"576\" src=\"https:\/\/satorrasceramica.com\/wp-content\/uploads\/2025\/07\/satorras-qui-som-04-768x576.png\" class=\"attachment-medium_large size-medium_large\" alt=\"\" data-column-space=\"auto\" data-lazyload=\"\" data-grve-filter=\"yes\" srcset=\"https:\/\/satorrasceramica.com\/wp-content\/uploads\/2025\/07\/satorras-qui-som-04-768x576.png 768w, https:\/\/satorrasceramica.com\/wp-content\/uploads\/2025\/07\/satorras-qui-som-04-300x225.png 300w, https:\/\/satorrasceramica.com\/wp-content\/uploads\/2025\/07\/satorras-qui-som-04-560x420.png 560w, https:\/\/satorrasceramica.com\/wp-content\/uploads\/2025\/07\/satorras-qui-som-04-600x450.png 600w, https:\/\/satorrasceramica.com\/wp-content\/uploads\/2025\/07\/satorras-qui-som-04.png 800w\" sizes=\"(max-width: 768px) 100vw, 768px\" \/><\/div><\/div>\t<\/div>\r\n\t<\/div>\r\n<\/div>\r\n\t\t\t\t<\/div>\n\t\t\t\t<\/div>\n\t\t\t\t\t<\/div>\n\t\t<\/div>\n\t\t\t\t\t<\/div>\n\t\t<\/section>\n\t\t\t\t<section class=\"elementor-section elementor-top-section elementor-element elementor-element-95d1a47 elementor-section-boxed elementor-section-height-default elementor-section-height-default\" data-id=\"95d1a47\" data-element_type=\"section\">\n\t\t\t\t\t\t<div class=\"elementor-container elementor-column-gap-default\">\n\t\t\t\t\t<div class=\"elementor-column elementor-col-50 elementor-top-column elementor-element elementor-element-52aea2e\" data-id=\"52aea2e\" data-element_type=\"column\">\n\t\t\t<div class=\"elementor-widget-wrap elementor-element-populated\">\n\t\t\t\t\t\t<div class=\"elementor-element elementor-element-fcb7a07 grve-elementor-align-left elementor-widget elementor-widget-impeka_image_single\" data-id=\"fcb7a07\" data-element_type=\"widget\" data-widget_type=\"impeka_image_single.default\">\n\t\t\t\t<div class=\"elementor-widget-container\">\n\t\t\t\t\t<div class=\"grve-element grve-image\">\r\n\t<div class=\"grve-image-item\">\r\n\t\t\r\n\r\n<div class=\"grve-image-wrapper grve-none\">\r\n\t\t<div class=\"grve-thumbnail-wrapper\"  style=\"width: 768px;\"><div class=\"grve-thumbnail\"  style=\"padding-top: 137.5%;\"><img decoding=\"async\" width=\"768\" height=\"1056\" src=\"https:\/\/satorrasceramica.com\/wp-content\/uploads\/2025\/07\/satorras-qui-som-05-768x1056.png\" class=\"attachment-medium_large size-medium_large\" alt=\"\" data-column-space=\"auto\" data-lazyload=\"\" data-grve-filter=\"yes\" srcset=\"https:\/\/satorrasceramica.com\/wp-content\/uploads\/2025\/07\/satorras-qui-som-05-768x1056.png 768w, https:\/\/satorrasceramica.com\/wp-content\/uploads\/2025\/07\/satorras-qui-som-05-218x300.png 218w, https:\/\/satorrasceramica.com\/wp-content\/uploads\/2025\/07\/satorras-qui-som-05-745x1024.png 745w, https:\/\/satorrasceramica.com\/wp-content\/uploads\/2025\/07\/satorras-qui-som-05-600x825.png 600w, https:\/\/satorrasceramica.com\/wp-content\/uploads\/2025\/07\/satorras-qui-som-05.png 800w\" sizes=\"(max-width: 768px) 100vw, 768px\" \/><\/div><\/div>\t<\/div>\r\n\t<\/div>\r\n<\/div>\r\n\t\t\t\t<\/div>\n\t\t\t\t<\/div>\n\t\t\t\t\t<\/div>\n\t\t<\/div>\n\t\t\t\t<div class=\"elementor-column elementor-col-50 elementor-top-column elementor-element elementor-element-30fc253\" data-id=\"30fc253\" data-element_type=\"column\">\n\t\t\t<div class=\"elementor-widget-wrap elementor-element-populated\">\n\t\t\t\t\t\t<div class=\"elementor-element elementor-element-b4650af grve-elementor-align-left elementor-widget elementor-widget-impeka_title\" data-id=\"b4650af\" data-element_type=\"widget\" data-widget_type=\"impeka_title.default\">\n\t\t\t\t<div class=\"elementor-widget-container\">\n\t\t\t\t\t<h2 class=\"grve-element grve-title grve-h1\"><span><span style=\"font-weight: 400;\">Des del taller a casa teva <\/span><br><\/span><\/h2>\t\t\t\t<\/div>\n\t\t\t\t<\/div>\n\t\t\t\t<div class=\"elementor-element elementor-element-f8c13ef elementor-widget elementor-widget-text-editor\" data-id=\"f8c13ef\" data-element_type=\"widget\" data-widget_type=\"text-editor.default\">\n\t\t\t\t<div class=\"elementor-widget-container\">\n\t\t\t\t\t\t\t\t\t<p><span style=\"font-weight: 400;\">La nostra cer\u00e0mica es pot con\u00e8ixer i adquirir tant a la <\/span><b>botiga de Santes Creus<\/b><span style=\"font-weight: 400;\">, dins un entorn privilegiat i hist\u00f2ric, com ara tamb\u00e9 a trav\u00e9s de la <\/span><b>botiga online<\/b><span style=\"font-weight: 400;\">, que ens permet compartir aquest ofici amb el m\u00f3n.\u00a0<\/span><\/p>\t\t\t\t\t\t\t\t<\/div>\n\t\t\t\t<\/div>\n\t\t\t\t<div class=\"elementor-element elementor-element-bc245da elementor-widget elementor-widget-text-editor\" data-id=\"bc245da\" data-element_type=\"widget\" data-widget_type=\"text-editor.default\">\n\t\t\t\t<div class=\"elementor-widget-container\">\n\t\t\t\t\t\t\t\t\t<h5><span style=\"font-weight: 400;\">Continuem creant des de l\u2019arrel, amb la mirada posada en el futur, i amb el mateix respecte per una tradici\u00f3 que segueix viva en cada pe\u00e7a.<\/span><\/h5>\t\t\t\t\t\t\t\t<\/div>\n\t\t\t\t<\/div>\n\t\t\t\t\t<\/div>\n\t\t<\/div>\n\t\t\t\t\t<\/div>\n\t\t<\/section>\n\t\t\t\t<\/div>\n\t\t","protected":false},"excerpt":{"rendered":"<p>QUI SOM El nostre taller de cer\u00e0mica Benvinguts al nostre taller de Santes Creus, un espai on la cer\u00e0mica s\u2019ha viscut sempre com un ofici, una passi\u00f3 i una manera d\u2019entendre la vida. Un llegat que va comen\u00e7ar amb el mestre ceramista Jaume Satorras i el comprom\u00eds de la seva esposa, Esther Pijoan i que [&hellip;]<\/p>\n","protected":false},"author":1,"featured_media":1696,"parent":0,"menu_order":0,"comment_status":"closed","ping_status":"closed","template":"","meta":{"content-type":"","footnotes":""},"class_list":["post-1468","page","type-page","status-publish","has-post-thumbnail","hentry","grve-entry-item"],"yoast_head":"<!-- This site is optimized with the Yoast SEO plugin v25.5 - https:\/\/yoast.com\/wordpress\/plugins\/seo\/ -->\n<title>Satorras | Taller de cer\u00e0mica art\u00edstica amb hist\u00f2ria<\/title>\n<meta name=\"description\" content=\"Coneix el llegat de Jaume Satorras i la passi\u00f3 per la cer\u00e0mica artesanal que continua viu al nostre taller de Santes Creus.\" \/>\n<meta name=\"robots\" content=\"index, follow, max-snippet:-1, max-image-preview:large, max-video-preview:-1\" \/>\n<link rel=\"canonical\" href=\"https:\/\/satorrasceramica.com\/ca\/qui-som\/\" \/>\n<meta property=\"og:locale\" content=\"ca_ES\" \/>\n<meta property=\"og:type\" content=\"article\" \/>\n<meta property=\"og:title\" content=\"Satorras | Taller de cer\u00e0mica art\u00edstica amb hist\u00f2ria\" \/>\n<meta property=\"og:description\" content=\"Coneix el llegat de Jaume Satorras i la passi\u00f3 per la cer\u00e0mica artesanal que continua viu al nostre taller de Santes Creus.\" \/>\n<meta property=\"og:url\" content=\"https:\/\/satorrasceramica.com\/ca\/qui-som\/\" \/>\n<meta property=\"og:site_name\" content=\"Satorras Ceramica\" \/>\n<meta property=\"article:modified_time\" content=\"2025-08-25T11:55:44+00:00\" \/>\n<meta property=\"og:image\" content=\"https:\/\/satorrasceramica.com\/wp-content\/uploads\/2021\/04\/impeka-shop-about-01-1.jpg\" \/>\n\t<meta property=\"og:image:width\" content=\"2400\" \/>\n\t<meta property=\"og:image:height\" content=\"1200\" \/>\n\t<meta property=\"og:image:type\" content=\"image\/jpeg\" \/>\n<meta name=\"twitter:card\" content=\"summary_large_image\" \/>\n<meta name=\"twitter:label1\" content=\"Est. reading time\" \/>\n\t<meta name=\"twitter:data1\" content=\"3 minuts\" \/>\n<script type=\"application\/ld+json\" class=\"yoast-schema-graph\">{\"@context\":\"https:\/\/schema.org\",\"@graph\":[{\"@type\":\"WebPage\",\"@id\":\"https:\/\/satorrasceramica.com\/ca\/qui-som\/\",\"url\":\"https:\/\/satorrasceramica.com\/ca\/qui-som\/\",\"name\":\"Satorras | Taller de cer\u00e0mica art\u00edstica amb hist\u00f2ria\",\"isPartOf\":{\"@id\":\"https:\/\/satorrasceramica.com\/ca\/#website\"},\"primaryImageOfPage\":{\"@id\":\"https:\/\/satorrasceramica.com\/ca\/qui-som\/#primaryimage\"},\"image\":{\"@id\":\"https:\/\/satorrasceramica.com\/ca\/qui-som\/#primaryimage\"},\"thumbnailUrl\":\"https:\/\/satorrasceramica.com\/wp-content\/uploads\/2021\/04\/impeka-shop-about-01-1.jpg\",\"datePublished\":\"2021-04-26T13:17:55+00:00\",\"dateModified\":\"2025-08-25T11:55:44+00:00\",\"description\":\"Coneix el llegat de Jaume Satorras i la passi\u00f3 per la cer\u00e0mica artesanal que continua viu al nostre taller de Santes Creus.\",\"breadcrumb\":{\"@id\":\"https:\/\/satorrasceramica.com\/ca\/qui-som\/#breadcrumb\"},\"inLanguage\":\"ca\",\"potentialAction\":[{\"@type\":\"ReadAction\",\"target\":[\"https:\/\/satorrasceramica.com\/ca\/qui-som\/\"]}]},{\"@type\":\"ImageObject\",\"inLanguage\":\"ca\",\"@id\":\"https:\/\/satorrasceramica.com\/ca\/qui-som\/#primaryimage\",\"url\":\"https:\/\/satorrasceramica.com\/wp-content\/uploads\/2021\/04\/impeka-shop-about-01-1.jpg\",\"contentUrl\":\"https:\/\/satorrasceramica.com\/wp-content\/uploads\/2021\/04\/impeka-shop-about-01-1.jpg\",\"width\":2400,\"height\":1200,\"caption\":\"Impeka - Elementor & WooCommerce Fashion shop by Greatives\"},{\"@type\":\"BreadcrumbList\",\"@id\":\"https:\/\/satorrasceramica.com\/ca\/qui-som\/#breadcrumb\",\"itemListElement\":[{\"@type\":\"ListItem\",\"position\":1,\"name\":\"Home\",\"item\":\"https:\/\/satorrasceramica.com\/ca\/\"},{\"@type\":\"ListItem\",\"position\":2,\"name\":\"Qui som\"}]},{\"@type\":\"WebSite\",\"@id\":\"https:\/\/satorrasceramica.com\/ca\/#website\",\"url\":\"https:\/\/satorrasceramica.com\/ca\/\",\"name\":\"Satorras Ceramica\",\"description\":\"Taller de Cer\u00e1mica Satorras Reproducciones Art\u00edsticas Patrimoniales y Monumentales.\",\"publisher\":{\"@id\":\"https:\/\/satorrasceramica.com\/ca\/#organization\"},\"potentialAction\":[{\"@type\":\"SearchAction\",\"target\":{\"@type\":\"EntryPoint\",\"urlTemplate\":\"https:\/\/satorrasceramica.com\/ca\/?s={search_term_string}\"},\"query-input\":{\"@type\":\"PropertyValueSpecification\",\"valueRequired\":true,\"valueName\":\"search_term_string\"}}],\"inLanguage\":\"ca\"},{\"@type\":\"Organization\",\"@id\":\"https:\/\/satorrasceramica.com\/ca\/#organization\",\"name\":\"Satorras Ceramica\",\"url\":\"https:\/\/satorrasceramica.com\/ca\/\",\"logo\":{\"@type\":\"ImageObject\",\"inLanguage\":\"ca\",\"@id\":\"https:\/\/satorrasceramica.com\/ca\/#\/schema\/logo\/image\/\",\"url\":\"http:\/\/satorrasceramica.com\/wp-content\/uploads\/2023\/12\/logo-satorras.png\",\"contentUrl\":\"http:\/\/satorrasceramica.com\/wp-content\/uploads\/2023\/12\/logo-satorras.png\",\"width\":200,\"height\":200,\"caption\":\"Satorras Ceramica\"},\"image\":{\"@id\":\"https:\/\/satorrasceramica.com\/ca\/#\/schema\/logo\/image\/\"},\"sameAs\":[\"https:\/\/www.instagram.com\/satorrasceramica\/\"]}]}<\/script>\n<!-- \/ Yoast SEO plugin. -->","yoast_head_json":{"title":"Satorras | Taller de cer\u00e0mica art\u00edstica amb hist\u00f2ria","description":"Coneix el llegat de Jaume Satorras i la passi\u00f3 per la cer\u00e0mica artesanal que continua viu al nostre taller de Santes Creus.","robots":{"index":"index","follow":"follow","max-snippet":"max-snippet:-1","max-image-preview":"max-image-preview:large","max-video-preview":"max-video-preview:-1"},"canonical":"https:\/\/satorrasceramica.com\/ca\/qui-som\/","og_locale":"ca_ES","og_type":"article","og_title":"Satorras | Taller de cer\u00e0mica art\u00edstica amb hist\u00f2ria","og_description":"Coneix el llegat de Jaume Satorras i la passi\u00f3 per la cer\u00e0mica artesanal que continua viu al nostre taller de Santes Creus.","og_url":"https:\/\/satorrasceramica.com\/ca\/qui-som\/","og_site_name":"Satorras Ceramica","article_modified_time":"2025-08-25T11:55:44+00:00","og_image":[{"width":2400,"height":1200,"url":"https:\/\/satorrasceramica.com\/wp-content\/uploads\/2021\/04\/impeka-shop-about-01-1.jpg","type":"image\/jpeg"}],"twitter_card":"summary_large_image","twitter_misc":{"Est. reading time":"3 minuts"},"schema":{"@context":"https:\/\/schema.org","@graph":[{"@type":"WebPage","@id":"https:\/\/satorrasceramica.com\/ca\/qui-som\/","url":"https:\/\/satorrasceramica.com\/ca\/qui-som\/","name":"Satorras | Taller de cer\u00e0mica art\u00edstica amb hist\u00f2ria","isPartOf":{"@id":"https:\/\/satorrasceramica.com\/ca\/#website"},"primaryImageOfPage":{"@id":"https:\/\/satorrasceramica.com\/ca\/qui-som\/#primaryimage"},"image":{"@id":"https:\/\/satorrasceramica.com\/ca\/qui-som\/#primaryimage"},"thumbnailUrl":"https:\/\/satorrasceramica.com\/wp-content\/uploads\/2021\/04\/impeka-shop-about-01-1.jpg","datePublished":"2021-04-26T13:17:55+00:00","dateModified":"2025-08-25T11:55:44+00:00","description":"Coneix el llegat de Jaume Satorras i la passi\u00f3 per la cer\u00e0mica artesanal que continua viu al nostre taller de Santes Creus.","breadcrumb":{"@id":"https:\/\/satorrasceramica.com\/ca\/qui-som\/#breadcrumb"},"inLanguage":"ca","potentialAction":[{"@type":"ReadAction","target":["https:\/\/satorrasceramica.com\/ca\/qui-som\/"]}]},{"@type":"ImageObject","inLanguage":"ca","@id":"https:\/\/satorrasceramica.com\/ca\/qui-som\/#primaryimage","url":"https:\/\/satorrasceramica.com\/wp-content\/uploads\/2021\/04\/impeka-shop-about-01-1.jpg","contentUrl":"https:\/\/satorrasceramica.com\/wp-content\/uploads\/2021\/04\/impeka-shop-about-01-1.jpg","width":2400,"height":1200,"caption":"Impeka - Elementor & WooCommerce Fashion shop by Greatives"},{"@type":"BreadcrumbList","@id":"https:\/\/satorrasceramica.com\/ca\/qui-som\/#breadcrumb","itemListElement":[{"@type":"ListItem","position":1,"name":"Home","item":"https:\/\/satorrasceramica.com\/ca\/"},{"@type":"ListItem","position":2,"name":"Qui som"}]},{"@type":"WebSite","@id":"https:\/\/satorrasceramica.com\/ca\/#website","url":"https:\/\/satorrasceramica.com\/ca\/","name":"Satorras Ceramica","description":"Taller de Cer\u00e1mica Satorras Reproducciones Art\u00edsticas Patrimoniales y Monumentales.","publisher":{"@id":"https:\/\/satorrasceramica.com\/ca\/#organization"},"potentialAction":[{"@type":"SearchAction","target":{"@type":"EntryPoint","urlTemplate":"https:\/\/satorrasceramica.com\/ca\/?s={search_term_string}"},"query-input":{"@type":"PropertyValueSpecification","valueRequired":true,"valueName":"search_term_string"}}],"inLanguage":"ca"},{"@type":"Organization","@id":"https:\/\/satorrasceramica.com\/ca\/#organization","name":"Satorras Ceramica","url":"https:\/\/satorrasceramica.com\/ca\/","logo":{"@type":"ImageObject","inLanguage":"ca","@id":"https:\/\/satorrasceramica.com\/ca\/#\/schema\/logo\/image\/","url":"http:\/\/satorrasceramica.com\/wp-content\/uploads\/2023\/12\/logo-satorras.png","contentUrl":"http:\/\/satorrasceramica.com\/wp-content\/uploads\/2023\/12\/logo-satorras.png","width":200,"height":200,"caption":"Satorras Ceramica"},"image":{"@id":"https:\/\/satorrasceramica.com\/ca\/#\/schema\/logo\/image\/"},"sameAs":["https:\/\/www.instagram.com\/satorrasceramica\/"]}]}},"jetpack_sharing_enabled":true,"_links":{"self":[{"href":"https:\/\/satorrasceramica.com\/ca\/wp-json\/wp\/v2\/pages\/1468","targetHints":{"allow":["GET"]}}],"collection":[{"href":"https:\/\/satorrasceramica.com\/ca\/wp-json\/wp\/v2\/pages"}],"about":[{"href":"https:\/\/satorrasceramica.com\/ca\/wp-json\/wp\/v2\/types\/page"}],"author":[{"embeddable":true,"href":"https:\/\/satorrasceramica.com\/ca\/wp-json\/wp\/v2\/users\/1"}],"replies":[{"embeddable":true,"href":"https:\/\/satorrasceramica.com\/ca\/wp-json\/wp\/v2\/comments?post=1468"}],"version-history":[{"count":4,"href":"https:\/\/satorrasceramica.com\/ca\/wp-json\/wp\/v2\/pages\/1468\/revisions"}],"predecessor-version":[{"id":7820,"href":"https:\/\/satorrasceramica.com\/ca\/wp-json\/wp\/v2\/pages\/1468\/revisions\/7820"}],"wp:featuredmedia":[{"embeddable":true,"href":"https:\/\/satorrasceramica.com\/ca\/wp-json\/wp\/v2\/media\/1696"}],"wp:attachment":[{"href":"https:\/\/satorrasceramica.com\/ca\/wp-json\/wp\/v2\/media?parent=1468"}],"curies":[{"name":"wp","href":"https:\/\/api.w.org\/{rel}","templated":true}]}}